{"id":1017,"date":"2021-03-22T07:19:37","date_gmt":"2021-03-22T07:19:37","guid":{"rendered":"https:\/\/apusthemes.com\/wp-demo\/superio\/employer\/figma\/"},"modified":"2026-04-02T08:04:23","modified_gmt":"2026-04-02T06:04:23","slug":"mobily","status":"publish","type":"employer","link":"https:\/\/karriere.heise-unternehmensgruppe.de\/index.php\/employer\/mobily\/","title":{"rendered":"Mobily GmbH"},"content":{"rendered":"<p>Suchen Sie nach einer bequemen und p\u00fcnktlichen M\u00f6glichkeit, Ihr Ziel zu erreichen, ohne selbst fahren oder auf \u00f6ffentliche Verkehrsmittel angewiesen zu sein?<\/p>\n<p>Unser Unternehmen in Dessau-Ro\u00dflau steht Ihnen seit vielen Jahren als verl\u00e4sslicher Ansprechpartner f\u00fcr alle Arten der Personenbef\u00f6rderung zur Seite. Dabei legen wir gro\u00dfen Wert auf faire Preise und h\u00f6chste Zufriedenheit unserer Kunden. Ob Sie eine Taxifahrt, einen Flughafentransfer oder individuelle Fahrdienste ben\u00f6tigen \u2013 wir sind f\u00fcr Sie da.<\/p>\n<p>Unsere erfahrenen und qualifizierten Fahrer bringen Sie sicher und komfortabel ans Ziel. Dank unserer modernen Fahrzeuge, die sowohl Taxis als auch Mietwagen mit Fahrer umfassen, garantieren wir eine angenehme und sorgenfreie Fahrt.<\/p>\n<p>Sprechen Sie uns einfach an, teilen Sie uns Ihre W\u00fcnsche mit \u2013 wir k\u00fcmmern uns darum!<\/p>\n","protected":false},"featured_media":9257,"comment_status":"open","ping_status":"closed","template":"","employer_category":[43],"employer_location":[81],"class_list":["post-1017","employer","type-employer","status-publish","has-post-thumbnail","hentry","employer_category-mobility","employer_location-dessau"],"aioseo_notices":[],"metas":{"_employer_featured":"","_employer_featured_image":"","_employer_cover_photo":"","_employer_email":"","_employer_phone":"0340 - 53095959","_employer_website":"www.mobily.group","_employer_founded_date":"2024","_employer_company_size":"50-100","_employer_category":{"43":"Mobilit\u00e4t"},"_employer_attached_user":"","_employer_video_url":"","_employer_profile_url":"","_employer_profile_photos":{"9621":"https:\/\/karriere.heise-unternehmensgruppe.de\/wp-content\/uploads\/2021\/03\/finalDS.jpg","9620":"https:\/\/karriere.heise-unternehmensgruppe.de\/wp-content\/uploads\/2021\/03\/DSC4941.jpg","9619":"https:\/\/karriere.heise-unternehmensgruppe.de\/wp-content\/uploads\/2021\/03\/DSC2723-2.jpg"},"_employer_team_members":"","_employer_employees":"","_employer_socials":[{"network":"facebook","url":"https:\/\/www.facebook.com\/profile.php?id=61555687783155"},{"network":"instagram","url":"https:\/\/www.instagram.com\/mobily.group"}],"_employer_location":{"81":"Dessau-Ro\u00dflau"},"_employer_address":"K\u00fchnauer Str. 24, Dessau-Ro\u00dflau","_employer_map_location":{"address":" Technologie- und Gr\u00fcnderzentrum, 24, K\u00fchnauer Stra\u00dfe, Siedlung, Dessau, Dessau-Ro\u00dflau, Sachsen-Anhalt, 06846, Deutschland","latitude":"51.8358444","longitude":"12.226952726751819"},"_employer_logo":"https:\/\/karriere.heise-unternehmensgruppe.de\/wp-content\/uploads\/2021\/03\/mobily-logo-piktogramm-dark-lighblue.png"},"_links":{"self":[{"href":"https:\/\/karriere.heise-unternehmensgruppe.de\/index.php\/wp-json\/wp\/v2\/employer\/1017","targetHints":{"allow":["GET"]}}],"collection":[{"href":"https:\/\/karriere.heise-unternehmensgruppe.de\/index.php\/wp-json\/wp\/v2\/employer"}],"about":[{"href":"https:\/\/karriere.heise-unternehmensgruppe.de\/index.php\/wp-json\/wp\/v2\/types\/employer"}],"replies":[{"embeddable":true,"href":"https:\/\/karriere.heise-unternehmensgruppe.de\/index.php\/wp-json\/wp\/v2\/comments?post=1017"}],"wp:featuredmedia":[{"embeddable":true,"href":"https:\/\/karriere.heise-unternehmensgruppe.de\/index.php\/wp-json\/wp\/v2\/media\/9257"}],"wp:attachment":[{"href":"https:\/\/karriere.heise-unternehmensgruppe.de\/index.php\/wp-json\/wp\/v2\/media?parent=1017"}],"wp:term":[{"taxonomy":"employer_category","embeddable":true,"href":"https:\/\/karriere.heise-unternehmensgruppe.de\/index.php\/wp-json\/wp\/v2\/employer_category?post=1017"},{"taxonomy":"employer_location","embeddable":true,"href":"https:\/\/karriere.heise-unternehmensgruppe.de\/index.php\/wp-json\/wp\/v2\/employer_location?post=1017"}],"curies":[{"name":"wp","href":"https:\/\/api.w.org\/{rel}","templated":true}]}}