{"id":9450,"date":"2025-03-13T11:18:39","date_gmt":"2025-03-13T09:18:39","guid":{"rendered":"https:\/\/karriere.heise-unternehmensgruppe.de\/?post_type=job_listing&#038;p=9450"},"modified":"2025-10-07T09:39:31","modified_gmt":"2025-10-07T07:39:31","slug":"baugeraetefuehrer-m-w-d","status":"publish","type":"job_listing","link":"https:\/\/karriere.heise-unternehmensgruppe.de\/index.php\/job\/baugeraetefuehrer-m-w-d\/","title":{"rendered":"Bauger\u00e4tef\u00fchrer (m\/w\/d)\u00a0"},"content":{"rendered":"\n<p>Bist du auf der Suche nach einem innovativen und zukunftssicheren Arbeitgeber in deiner Heimat? M\u00f6chtest du mit modernster Technik arbeiten und Teil eines dynamischen Teams werden? Dann komm zu uns!&nbsp;<\/p>\n\n\n\n<p>Wir suchen motivierte Bauger\u00e4tef\u00fchrer (m\/w\/d), die mit handwerklichem Geschick und technischer Expertise unser Team verst\u00e4rken. Bei uns erwartet dich ein spannendes und abwechslungsreiches Arbeitsumfeld auf regionalen Baustellen. Hier hast du die M\u00f6glichkeit, deine F\u00e4higkeiten einzubringen und aktiv zum Erfolg unserer Projekte beizutragen.&nbsp;<\/p>\n\n\n\n<p><strong>Deine Aufgaben:<\/strong>&nbsp;<\/p>\n\n\n\n<ul class=\"wp-block-list\">\n<li>Bedienung und Wartung von Bauger\u00e4ten im Rahmen unserer regionalen Projekte\u00a0<\/li>\n<\/ul>\n\n\n\n<ul class=\"wp-block-list\">\n<li>Selbstst\u00e4ndige Durchf\u00fchrung von Bauarbeiten unter Ber\u00fccksichtigung der technischen Vorgaben\u00a0<\/li>\n<\/ul>\n\n\n\n<ul class=\"wp-block-list\">\n<li>Sorgf\u00e4ltige Umsetzung von Baupl\u00e4nen und Sicherstellung der Qualit\u00e4t\u00a0<\/li>\n<\/ul>\n\n\n\n<ul class=\"wp-block-list\">\n<li>Einhaltung von Sicherheitsstandards und regelm\u00e4\u00dfige \u00dcberpr\u00fcfung der Ger\u00e4te\u00a0<\/li>\n<\/ul>\n\n\n\n<ul class=\"wp-block-list\">\n<li>Teamarbeit und Kommunikation mit kompetenten Ansprechpartnern auf der Baustelle\u00a0<\/li>\n<\/ul>\n\n\n\n<p><strong>Was wir dir bieten:<\/strong>&nbsp;<\/p>\n\n\n\n<ul class=\"wp-block-list\">\n<li><strong>Tarifliche Verg\u00fctung:<\/strong> Deine Leistung wird bei uns fair honoriert.\u00a0<\/li>\n<\/ul>\n\n\n\n<ul class=\"wp-block-list\">\n<li><strong>Regionalit\u00e4t:<\/strong> Arbeite in deiner Heimat.\u00a0<\/li>\n<\/ul>\n\n\n\n<ul class=\"wp-block-list\">\n<li><strong>E-Bike:<\/strong> Nutze die M\u00f6glichkeit, mit einem E-Bike umweltbewusst und gesund zur Arbeit zu gelangen.\u00a0<\/li>\n<\/ul>\n\n\n\n<ul class=\"wp-block-list\">\n<li><strong>Teamevents:<\/strong> Bei regelm\u00e4\u00dfigen Teamevents wird unser Teamgef\u00fcge gest\u00e4rkt.\u00a0<\/li>\n<\/ul>\n\n\n\n<ul class=\"wp-block-list\">\n<li><strong>Aufstiegschancen: <\/strong>Als Teil eines gro\u00dfen Unternehmens bieten sich dir zahlreiche M\u00f6glichkeiten zur Weiterentwicklung und Karrierechancen.\u00a0<\/li>\n<\/ul>\n\n\n\n<p><strong>Unser Wunschprofil:<\/strong>&nbsp;<\/p>\n\n\n\n<ul class=\"wp-block-list\">\n<li><strong>Abgeschlossene Ausbildung: <\/strong>Du bist ausgebildeter Bauger\u00e4tef\u00fchrer (m\/w\/d) oder hast eine vergleichbare Qualifikation und idealerweise Berufserfahrung.\u00a0<\/li>\n<\/ul>\n\n\n\n<ul class=\"wp-block-list\">\n<li><strong>Fahrerlaubnis:<\/strong> Ein F\u00fchrerschein der Klasse B und Klasse C sind erforderlich.\u00a0<\/li>\n<\/ul>\n\n\n\n<ul class=\"wp-block-list\">\n<li><strong>Teamplayer:<\/strong> Du hast eine selbstst\u00e4ndige, sorgf\u00e4ltige und verantwortungsbewusste Arbeitsweise und m\u00f6chtest gemeinsam mit unserem Team deine Region gestalten.\u00a0<\/li>\n<\/ul>\n\n\n\n<p>Gestalte gemeinsam mit uns die Zukunft unserer Heimat und werde Teil unseres erfolgreichen Teams!&nbsp;<\/p>\n\n\n\n<p>Wir freuen uns auf deine Bewerbung!&nbsp;<\/p>\n","protected":false},"author":20,"featured_media":0,"comment_status":"open","ping_status":"closed","template":"","job_listing_type":[70],"job_listing_category":[73],"job_listing_location":[68],"job_listing_tag":[],"class_list":["post-9450","job_listing","type-job_listing","status-publish","hentry","job_listing_type-vollzeit","job_listing_category-handwerk","job_listing_location-dessau"],"aioseo_notices":[],"metas":{"_job_featured_image":"","_job_featured":"","_job_filled":"","_job_urgent":"","_job_category":{"73":"Bau &amp; Handwerk"},"_job_type":{"70":"Vollzeit"},"_job_tag":[],"_job_expiry_date":"2026-05-31","_job_gender":"","_job_apply_type":"with_email","_job_apply_url":"","_job_apply_email":"bewerbung@schieck-scheffler.de","_job_salary_type":"","_job_salary":"","_job_experience":"","_job_career_level":"","_job_qualification":"","_job_video_url":"","_job_photos":"","_job_application_deadline_date":"","_job_address":"S+S Scheffler Bau & Beteiligungs GmbH","_job_location":{"68":"Dessau-Ro\u00dflau"},"_job_map_location":{"address":"S+S Scheffler Bau & Beteiligungs GmbH","latitude":"","longitude":""},"_job_logo":"https:\/\/karriere.heise-unternehmensgruppe.de\/wp-content\/uploads\/2021\/03\/ss-logo-piktogramm-dark-lighblue.png","_job_employer_name":"Schieck + Scheffler GmbH","_job_employer_url":"https:\/\/karriere.heise-unternehmensgruppe.de\/index.php\/employer\/schieckscheffler\/"},"_links":{"self":[{"href":"https:\/\/karriere.heise-unternehmensgruppe.de\/index.php\/wp-json\/wp\/v2\/job_listing\/9450","targetHints":{"allow":["GET"]}}],"collection":[{"href":"https:\/\/karriere.heise-unternehmensgruppe.de\/index.php\/wp-json\/wp\/v2\/job_listing"}],"about":[{"href":"https:\/\/karriere.heise-unternehmensgruppe.de\/index.php\/wp-json\/wp\/v2\/types\/job_listing"}],"author":[{"embeddable":true,"href":"https:\/\/karriere.heise-unternehmensgruppe.de\/index.php\/wp-json\/wp\/v2\/users\/20"}],"replies":[{"embeddable":true,"href":"https:\/\/karriere.heise-unternehmensgruppe.de\/index.php\/wp-json\/wp\/v2\/comments?post=9450"}],"wp:attachment":[{"href":"https:\/\/karriere.heise-unternehmensgruppe.de\/index.php\/wp-json\/wp\/v2\/media?parent=9450"}],"wp:term":[{"taxonomy":"job_listing_type","embeddable":true,"href":"https:\/\/karriere.heise-unternehmensgruppe.de\/index.php\/wp-json\/wp\/v2\/job_listing_type?post=9450"},{"taxonomy":"job_listing_category","embeddable":true,"href":"https:\/\/karriere.heise-unternehmensgruppe.de\/index.php\/wp-json\/wp\/v2\/job_listing_category?post=9450"},{"taxonomy":"job_listing_location","embeddable":true,"href":"https:\/\/karriere.heise-unternehmensgruppe.de\/index.php\/wp-json\/wp\/v2\/job_listing_location?post=9450"},{"taxonomy":"job_listing_tag","embeddable":true,"href":"https:\/\/karriere.heise-unternehmensgruppe.de\/index.php\/wp-json\/wp\/v2\/job_listing_tag?post=9450"}],"curies":[{"name":"wp","href":"https:\/\/api.w.org\/{rel}","templated":true}]}}